{"version":"1.0","provider_name":"Peri\u00f3dico Realidades","provider_url":"https:\/\/periodicorealidades.com","author_name":"editor","author_url":"https:\/\/periodicorealidades.com\/index.php\/author\/editor\/","title":"Protesta contra El \u201cchacuaco\u201d de Menchaca\u00a0 - Peri\u00f3dico Realidades","type":"rich","width":600,"height":338,"html":"<blockquote class=\"wp-embedded-content\" data-secret=\"bfjtf8qCsU\"><a href=\"https:\/\/periodicorealidades.com\/index.php\/2024\/05\/13\/protesta-contra-el-chacuaco-de-menchaca\/\">Protesta contra El \u201cchacuaco\u201d de Menchaca\u00a0<\/a><\/blockquote><iframe sandbox=\"allow-scripts\" security=\"restricted\" src=\"https:\/\/periodicorealidades.com\/index.php\/2024\/05\/13\/protesta-contra-el-chacuaco-de-menchaca\/embed\/#?secret=bfjtf8qCsU\" width=\"600\" height=\"338\" title=\"&#8220;Protesta contra El \u201cchacuaco\u201d de Menchaca\u00a0&#8221; &#8212; Peri\u00f3dico Realidades\" data-secret=\"bfjtf8qCsU\" frameborder=\"0\" marginwidth=\"0\" marginheight=\"0\" scrolling=\"no\" class=\"wp-embedded-content\"><\/iframe><script>\n\/*! This file is auto-generated *\/\n!function(d,l){\"use strict\";l.querySelector&&d.addEventListener&&\"undefined\"!=typeof URL&&(d.wp=d.wp||{},d.wp.receiveEmbedMessage||(d.wp.receiveEmbedMessage=function(e){var t=e.data;if((t||t.secret||t.message||t.value)&&!\/[^a-zA-Z0-9]\/.test(t.secret)){for(var s,r,n,a=l.querySelectorAll('iframe[data-secret=\"'+t.secret+'\"]'),o=l.querySelectorAll('blockquote[data-secret=\"'+t.secret+'\"]'),c=new RegExp(\"^https?:$\",\"i\"),i=0;i<o.length;i++)o[i].style.display=\"none\";for(i=0;i<a.length;i++)s=a[i],e.source===s.contentWindow&&(s.removeAttribute(\"style\"),\"height\"===t.message?(1e3<(r=parseInt(t.value,10))?r=1e3:~~r<200&&(r=200),s.height=r):\"link\"===t.message&&(r=new URL(s.getAttribute(\"src\")),n=new URL(t.value),c.test(n.protocol))&&n.host===r.host&&l.activeElement===s&&(d.top.location.href=t.value))}},d.addEventListener(\"message\",d.wp.receiveEmbedMessage,!1),l.addEventListener(\"DOMContentLoaded\",function(){for(var e,t,s=l.querySelectorAll(\"iframe.wp-embedded-content\"),r=0;r<s.length;r++)(t=(e=s[r]).getAttribute(\"data-secret\"))||(t=Math.random().toString(36).substring(2,12),e.src+=\"#?secret=\"+t,e.setAttribute(\"data-secret\",t)),e.contentWindow.postMessage({message:\"ready\",secret:t},\"*\")},!1)))}(window,document);\n\/\/# sourceURL=https:\/\/periodicorealidades.com\/wp-includes\/js\/wp-embed.min.js\n<\/script>\n","thumbnail_url":"https:\/\/periodicorealidades.com\/wp-content\/uploads\/2024\/05\/molino-menchaca.jpg","thumbnail_width":960,"thumbnail_height":720,"description":"La manifestaci\u00f3n tiene como objetivo denunciar la falta de aplicaci\u00f3n de protocolos ambientales durante la contingencia provocada por el incendio del Iztete, que ha afectado la calidad del aire en Tepic durante m\u00e1s de 20 d\u00edas, as\u00ed como el molino de Menchaca que genera gran contaminaci\u00f3n en la ciudad durante a\u00f1os Por Ver\u00f3nica Ram\u00edrez Tepic, [&hellip;]"}